{"id":9998,"date":"2014-09-28T00:23:46","date_gmt":"2014-09-28T00:23:46","guid":{"rendered":"https:\/\/lawyeralgarve.com\/attorney\/"},"modified":"2023-06-09T10:29:21","modified_gmt":"2023-06-09T09:29:21","slug":"procuratore","status":"publish","type":"page","link":"https:\/\/lawyeralgarve.com\/it\/procuratore\/","title":{"rendered":"Procuratore"},"content":{"rendered":"<div class=\"row \"><div class=\"wpv-grid grid-2-3  wpv-first-level first has-background unextended\" style=\"\n\t\t\t\tbackground: url( '\/wp-content\/uploads\/2021\/10\/foto-ind.jpg' ) no-repeat center top;\n\t\t\t\tbackground-size: auto;\n\t\t\tpadding-top:400px;padding-bottom:0px\" id=\"wpv-column-6d42666e01760956be01e29bb02cd9a1\" ><\/div>\n<div class=\"wpv-grid grid-1-3  wpv-first-level unextended\" style=\"padding-top:20px;padding-bottom:15px\" id=\"wpv-column-036f7cc19646ebdf7ba8f528a6fbbe03\" ><div class=\"row \"><div class=\"wpv-grid grid-1-1  first unextended animation-fade-in animated-active\" style=\"padding-top:0px;padding-bottom:0px\" id=\"wpv-column-529871e06c2c19c35a797112debf9121\" ><h4 style=\"padding-left: 20px;\">CONTATTI<\/h4>\n<p style=\"padding-left: 20px;\">Tel: <a href=\"tel:+351282768269\"><strong>+351 282 768 269<\/strong><\/a><br \/>\n<a href=\"mailto:info@lawyeralgarve.com\">info@lawyeralgarve.com<\/a><\/p>\n<p style=\"padding-left: 20px;\"><div class=\"push\" style='height:10px'><\/div>\n<h4 style=\"padding-left: 20px;\">AREE DI PRATICA<\/h4>\n<p style=\"padding-left: 20px;\"><a href=\"\/it\/aree-di-pratica\/\">Acquisto e vendita di propriet\u00e0 \u2192<\/a><br \/>\n<a href=\"\/it\/aree-di-pratica\/\">Penso \u2192<\/a><br \/>\n<a href=\"\/it\/aree-di-pratica\/\">Elaborazione di contratti \u2192<br \/>\n<\/a><a href=\"\/it\/aree-di-pratica\/\">Leggi tutto &#8230; \u2192<\/a><br \/>\n<div class=\"push\" style='height:10px'><\/div>\n<h4 style=\"padding-left: 20px;\">EDUCAZIONE<\/h4>\n<p style=\"padding-left: 20px;\">Laurea in Giurisprudenza presso l&#8217;Universit\u00e0 Lus\u00edada di Lisbona &#8211; 1998;<br \/>\nHa frequentato la Legge Universit\u00e0 di Regensburg (Germania) per 2 semestri.<br \/>\nDiploma Post-laurea in diritto del lavoro<br \/>\nDiploma post-laurea in diritto immobiliare<br \/>\nProgrammi di formazione in fiscalit\u00e0 e investimenti<\/div><\/div><\/div><\/div>\n<div class=\"row \"><div class=\"wpv-grid grid-1-3  wpv-first-level first unextended\" style=\"padding-top:20px;padding-bottom:15px\" id=\"wpv-column-29056ae2093db74c2301593480bfc035\" ><div class=\"push\" style='height:50px'><\/div>\n<div class=\"row \"><div class=\"wpv-grid grid-1-1  first unextended animation-fade-in animated-active\" style=\"padding-top:0px;padding-bottom:0px\" id=\"wpv-column-1ecbb09747150c7d841babdae4486948\" ><h4 style=\"padding-left: 20px;\">IL NOSTRO TEAM IN UFFICIO<\/h4><\/div><\/div><\/div><\/div>\n<img decoding=\"async\" loading=\"lazy\" class=\"wp-image-10493 size-large alignleft\" src=\"https:\/\/lawyeralgarve.com\/wp-content\/uploads\/2021\/10\/foto-equipa-1024x684.jpg\" alt=\"Equipa\" width=\"1024\" height=\"684\" srcset=\"https:\/\/lawyeralgarve.com\/wp-content\/uploads\/2021\/10\/foto-equipa-1024x684.jpg 1024w, https:\/\/lawyeralgarve.com\/wp-content\/uploads\/2021\/10\/foto-equipa-300x200.jpg 300w, https:\/\/lawyeralgarve.com\/wp-content\/uploads\/2021\/10\/foto-equipa-1536x1025.jpg 1536w, https:\/\/lawyeralgarve.com\/wp-content\/uploads\/2021\/10\/foto-equipa-2048x1367.jpg 2048w, https:\/\/lawyeralgarve.com\/wp-content\/uploads\/2021\/10\/foto-equipa-1140x760.jpg 1140w, https:\/\/lawyeralgarve.com\/wp-content\/uploads\/2021\/10\/foto-equipa-555x370.jpg 555w, https:\/\/lawyeralgarve.com\/wp-content\/uploads\/2021\/10\/foto-equipa-360x240.jpg 360w, https:\/\/lawyeralgarve.com\/wp-content\/uploads\/2021\/10\/foto-equipa-262x175.jpg 262w, https:\/\/lawyeralgarve.com\/wp-content\/uploads\/2021\/10\/foto-equipa-1320x881.jpg 1320w, https:\/\/lawyeralgarve.com\/wp-content\/uploads\/2021\/10\/foto-equipa-300x200@2x.jpg 600w\" sizes=\"(max-width: 1024px) 100vw, 1024px\" \/><br \/>\n<div class=\"push\" style='height:20px'><\/div>\n<h4 style=\"padding-left: 20px;\">ABBIAMO ANCHE UNA RETE DI SPECIALISTI PER LE VOSTRE ESIGENZE SPECIFICHE<\/h4>\n<div class=\"push\" style='height:20px'><\/div>\n<div class=\"row \"><div class=\"wpv-grid grid-1-1  wpv-first-level first unextended animation-from-bottom animated-active\" style=\"padding-top:15px;padding-bottom:60px\" id=\"wpv-column-3a82f35a9c26bbb2d2881bc72bc9ae71\" >\t\t<div class=\"sep-text single centered\">\n\t\t\t\t\t\t\t<span class=\"sep-text-before\"><div class=\"sep-text-line\"><\/div><\/span>\n\t\t\t\t\t\t<div class=\"content\">\n\t\t\t\t<h2 class=\"text-divider-double\">CONTATTAMI<\/h2>\t\t\t<\/div>\n\t\t\t<span class=\"sep-text-after\"><div class=\"sep-text-line\"><\/div><\/span>\n\t\t\t\t\t<\/div>\n\t<div class=\"push\" style='height:10px'><\/div>\n<div class=\"row \"><div class=\"wpv-grid grid-1-1  first unextended\" style=\"padding-top:0px;padding-bottom:0px\" id=\"wpv-column-b12cf9104fc3ca8d18f6a19535b8c283\" ><p>\n<div class=\"wpcf7 no-js\" id=\"wpcf7-f9978-o1\" lang=\"pt-PT\" dir=\"ltr\">\n<div class=\"screen-reader-response\"><p role=\"status\" aria-live=\"polite\" aria-atomic=\"true\"><\/p> <ul><\/ul><\/div>\n<form action=\"\/it\/wp-json\/wp\/v2\/pages\/9998#wpcf7-f9978-o1\" method=\"post\" class=\"wpcf7-form init\" aria-label=\"Formul\u00e1rio de contacto\" novalidate=\"novalidate\" data-status=\"init\">\n<div style=\"display: none;\">\n<input type=\"hidden\" name=\"_wpcf7\" value=\"9978\" \/>\n<input type=\"hidden\" name=\"_wpcf7_version\" value=\"5.8.6\" \/>\n<input type=\"hidden\" name=\"_wpcf7_locale\" value=\"pt_PT\" \/>\n<input type=\"hidden\" name=\"_wpcf7_unit_tag\" value=\"wpcf7-f9978-o1\" \/>\n<input type=\"hidden\" name=\"_wpcf7_container_post\" value=\"0\" \/>\n<input type=\"hidden\" name=\"_wpcf7_posted_data_hash\" value=\"\" \/>\n<input type=\"hidden\" name=\"_wpcf7_recaptcha_response\" value=\"\" \/>\n<\/div>\n<p>Il vostro nome (obbligatorio)\n<\/p>\n<p><span class=\"wpcf7-form-control-wrap\" data-name=\"your-name\"><input size=\"40\" class=\"wpcf7-form-control wpcf7-text wpcf7-validates-as-required\" aria-required=\"true\" aria-invalid=\"false\" value=\"\" type=\"text\" name=\"your-name\" \/><\/span>\n<\/p>\n<p>Il vostro email (obbligatorio)\n<\/p>\n<p><span class=\"wpcf7-form-control-wrap\" data-name=\"your-email\"><input size=\"40\" class=\"wpcf7-form-control wpcf7-email wpcf7-validates-as-required wpcf7-text wpcf7-validates-as-email\" aria-required=\"true\" aria-invalid=\"false\" value=\"\" type=\"email\" name=\"your-email\" \/><\/span>\n<\/p>\n<p>Oggetto\n<\/p>\n<p><span class=\"wpcf7-form-control-wrap\" data-name=\"your-subject\"><input size=\"40\" class=\"wpcf7-form-control wpcf7-text\" aria-invalid=\"false\" value=\"\" type=\"text\" name=\"your-subject\" \/><\/span>\n<\/p>\n<p>Il vostro messaggio\n<\/p>\n<p><span class=\"wpcf7-form-control-wrap\" data-name=\"your-message\"><textarea cols=\"40\" rows=\"10\" class=\"wpcf7-form-control wpcf7-textarea\" aria-invalid=\"false\" name=\"your-message\"><\/textarea><\/span>\n<\/p>\n<p><input class=\"wpcf7-form-control wpcf7-submit has-spinner\" type=\"submit\" value=\"Inviare\" \/>\n<\/p><div class=\"wpcf7-response-output\" aria-hidden=\"true\"><\/div>\n<\/form>\n<\/div>\n<\/div><\/div><\/div><\/div>\n<p>&nbsp;<\/p>\n<p>&nbsp;<\/p>\n","protected":false},"excerpt":{"rendered":"<p>CONTATTI Tel: +351 282 768 269 info@lawyeralgarve.com AREE DI PRATICA Acquisto e vendita di propriet\u00e0 \u2192 Penso \u2192 Elaborazione di contratti \u2192 Leggi tutto &#8230; \u2192 EDUCAZIONE Laurea in Giurisprudenza presso l&#8217;Universit\u00e0 Lus\u00edada di Lisbona &#8211; 1998; Ha frequentato la Legge Universit\u00e0 di Regensburg (Germania) per 2 semestri. Diploma Post-laurea in diritto del lavoro Diploma&#8230;<\/p>\n","protected":false},"author":1,"featured_media":0,"parent":0,"menu_order":0,"comment_status":"closed","ping_status":"closed","template":"","meta":[],"yoast_head":"<!-- This site is optimized with the Yoast SEO plugin v21.0 - https:\/\/yoast.com\/wordpress\/plugins\/seo\/ -->\n<title>Procuratore Cristina Marcelino - Lawyer Algarve - office in Lagos<\/title>\n<meta name=\"description\" content=\"Puntiamo sempre a fare meglio, se non conosciamo la risposta, cercheremo la soluzione giusta per te. RICHIEDI UNA CONSULENZA GRATUITA\" \/>\n<meta name=\"robots\" content=\"index, follow, max-snippet:-1, max-image-preview:large, max-video-preview:-1\" \/>\n<link rel=\"canonical\" href=\"https:\/\/lawyeralgarve.com\/it\/procuratore\/\" \/>\n<meta property=\"og:locale\" content=\"it_IT\" \/>\n<meta property=\"og:type\" content=\"article\" \/>\n<meta property=\"og:title\" content=\"Procuratore Cristina Marcelino - Lawyer Algarve - office in Lagos\" \/>\n<meta property=\"og:description\" content=\"Puntiamo sempre a fare meglio, se non conosciamo la risposta, cercheremo la soluzione giusta per te. RICHIEDI UNA CONSULENZA GRATUITA\" \/>\n<meta property=\"og:url\" content=\"https:\/\/lawyeralgarve.com\/it\/procuratore\/\" \/>\n<meta property=\"og:site_name\" content=\"Lawyer Algarve\" \/>\n<meta property=\"article:modified_time\" content=\"2023-06-09T09:29:21+00:00\" \/>\n<meta property=\"og:image\" content=\"https:\/\/lawyeralgarve.com\/wp-content\/uploads\/2021\/10\/foto-equipa-1024x684.jpg\" \/>\n<meta name=\"twitter:card\" content=\"summary_large_image\" \/>\n<meta name=\"twitter:label1\" content=\"Tempo di lettura stimato\" \/>\n\t<meta name=\"twitter:data1\" content=\"2 minuti\" \/>\n<script type=\"application\/ld+json\" class=\"yoast-schema-graph\">{\"@context\":\"https:\/\/schema.org\",\"@graph\":[{\"@type\":\"WebPage\",\"@id\":\"https:\/\/lawyeralgarve.com\/it\/procuratore\/\",\"url\":\"https:\/\/lawyeralgarve.com\/it\/procuratore\/\",\"name\":\"Procuratore Cristina Marcelino - Lawyer Algarve - office in Lagos\",\"isPartOf\":{\"@id\":\"https:\/\/lawyeralgarve.com\/#website\"},\"datePublished\":\"2014-09-28T00:23:46+00:00\",\"dateModified\":\"2023-06-09T09:29:21+00:00\",\"description\":\"Puntiamo sempre a fare meglio, se non conosciamo la risposta, cercheremo la soluzione giusta per te. RICHIEDI UNA CONSULENZA GRATUITA\",\"breadcrumb\":{\"@id\":\"https:\/\/lawyeralgarve.com\/it\/procuratore\/#breadcrumb\"},\"inLanguage\":\"it-IT\",\"potentialAction\":[{\"@type\":\"ReadAction\",\"target\":[\"https:\/\/lawyeralgarve.com\/it\/procuratore\/\"]}]},{\"@type\":\"BreadcrumbList\",\"@id\":\"https:\/\/lawyeralgarve.com\/it\/procuratore\/#breadcrumb\",\"itemListElement\":[{\"@type\":\"ListItem\",\"position\":1,\"name\":\"Home\",\"item\":\"https:\/\/lawyeralgarve.com\/it\/\"},{\"@type\":\"ListItem\",\"position\":2,\"name\":\"Procuratore\"}]},{\"@type\":\"WebSite\",\"@id\":\"https:\/\/lawyeralgarve.com\/#website\",\"url\":\"https:\/\/lawyeralgarve.com\/\",\"name\":\"Lawyer Algarve\",\"description\":\"We are a Law Office, based in Lagos, We cover the whole Algarve\",\"potentialAction\":[{\"@type\":\"SearchAction\",\"target\":{\"@type\":\"EntryPoint\",\"urlTemplate\":\"https:\/\/lawyeralgarve.com\/?s={search_term_string}\"},\"query-input\":\"required name=search_term_string\"}],\"inLanguage\":\"it-IT\"}]}<\/script>\n<!-- \/ Yoast SEO plugin. -->","yoast_head_json":{"title":"Procuratore Cristina Marcelino - Lawyer Algarve - office in Lagos","description":"Puntiamo sempre a fare meglio, se non conosciamo la risposta, cercheremo la soluzione giusta per te. RICHIEDI UNA CONSULENZA GRATUITA","robots":{"index":"index","follow":"follow","max-snippet":"max-snippet:-1","max-image-preview":"max-image-preview:large","max-video-preview":"max-video-preview:-1"},"canonical":"https:\/\/lawyeralgarve.com\/it\/procuratore\/","og_locale":"it_IT","og_type":"article","og_title":"Procuratore Cristina Marcelino - Lawyer Algarve - office in Lagos","og_description":"Puntiamo sempre a fare meglio, se non conosciamo la risposta, cercheremo la soluzione giusta per te. RICHIEDI UNA CONSULENZA GRATUITA","og_url":"https:\/\/lawyeralgarve.com\/it\/procuratore\/","og_site_name":"Lawyer Algarve","article_modified_time":"2023-06-09T09:29:21+00:00","og_image":[{"url":"https:\/\/lawyeralgarve.com\/wp-content\/uploads\/2021\/10\/foto-equipa-1024x684.jpg"}],"twitter_card":"summary_large_image","twitter_misc":{"Tempo di lettura stimato":"2 minuti"},"schema":{"@context":"https:\/\/schema.org","@graph":[{"@type":"WebPage","@id":"https:\/\/lawyeralgarve.com\/it\/procuratore\/","url":"https:\/\/lawyeralgarve.com\/it\/procuratore\/","name":"Procuratore Cristina Marcelino - Lawyer Algarve - office in Lagos","isPartOf":{"@id":"https:\/\/lawyeralgarve.com\/#website"},"datePublished":"2014-09-28T00:23:46+00:00","dateModified":"2023-06-09T09:29:21+00:00","description":"Puntiamo sempre a fare meglio, se non conosciamo la risposta, cercheremo la soluzione giusta per te. RICHIEDI UNA CONSULENZA GRATUITA","breadcrumb":{"@id":"https:\/\/lawyeralgarve.com\/it\/procuratore\/#breadcrumb"},"inLanguage":"it-IT","potentialAction":[{"@type":"ReadAction","target":["https:\/\/lawyeralgarve.com\/it\/procuratore\/"]}]},{"@type":"BreadcrumbList","@id":"https:\/\/lawyeralgarve.com\/it\/procuratore\/#breadcrumb","itemListElement":[{"@type":"ListItem","position":1,"name":"Home","item":"https:\/\/lawyeralgarve.com\/it\/"},{"@type":"ListItem","position":2,"name":"Procuratore"}]},{"@type":"WebSite","@id":"https:\/\/lawyeralgarve.com\/#website","url":"https:\/\/lawyeralgarve.com\/","name":"Lawyer Algarve","description":"We are a Law Office, based in Lagos, We cover the whole Algarve","potentialAction":[{"@type":"SearchAction","target":{"@type":"EntryPoint","urlTemplate":"https:\/\/lawyeralgarve.com\/?s={search_term_string}"},"query-input":"required name=search_term_string"}],"inLanguage":"it-IT"}]}},"_links":{"self":[{"href":"https:\/\/lawyeralgarve.com\/it\/wp-json\/wp\/v2\/pages\/9998"}],"collection":[{"href":"https:\/\/lawyeralgarve.com\/it\/wp-json\/wp\/v2\/pages"}],"about":[{"href":"https:\/\/lawyeralgarve.com\/it\/wp-json\/wp\/v2\/types\/page"}],"author":[{"embeddable":true,"href":"https:\/\/lawyeralgarve.com\/it\/wp-json\/wp\/v2\/users\/1"}],"replies":[{"embeddable":true,"href":"https:\/\/lawyeralgarve.com\/it\/wp-json\/wp\/v2\/comments?post=9998"}],"version-history":[{"count":7,"href":"https:\/\/lawyeralgarve.com\/it\/wp-json\/wp\/v2\/pages\/9998\/revisions"}],"predecessor-version":[{"id":10586,"href":"https:\/\/lawyeralgarve.com\/it\/wp-json\/wp\/v2\/pages\/9998\/revisions\/10586"}],"wp:attachment":[{"href":"https:\/\/lawyeralgarve.com\/it\/wp-json\/wp\/v2\/media?parent=9998"}],"curies":[{"name":"wp","href":"https:\/\/api.w.org\/{rel}","templated":true}]}}